{"id":12743,"date":"2024-03-28T09:27:07","date_gmt":"2024-03-28T08:27:07","guid":{"rendered":"https:\/\/lacolosal.es\/politica-de-privacidad\/"},"modified":"2024-03-28T10:18:07","modified_gmt":"2024-03-28T09:18:07","slug":"politica-de-privacidad","status":"publish","type":"page","link":"https:\/\/lacolosal.es\/ca\/politica-de-privacidad\/","title":{"rendered":"Pol\u00edtica de privacidad"},"content":{"rendered":"\t\t<div data-elementor-type=\"wp-page\" data-elementor-id=\"12743\" class=\"elementor elementor-12743 elementor-12310\" data-elementor-post-type=\"page\">\n\t\t\t\t\t\t<section class=\"elementor-section elementor-top-section elementor-element elementor-element-f45bd66 elementor-section-boxed elementor-section-height-default elementor-section-height-default\" data-id=\"f45bd66\" data-element_type=\"section\" data-settings=\"{&quot;architecturer_ext_is_background_parallax&quot;:&quot;false&quot;,&quot;architecturer_ext_is_background_on_scroll&quot;:&quot;false&quot;}\">\n\t\t\t\t\t\t<div class=\"elementor-container elementor-column-gap-default\">\n\t\t\t\t\t<div class=\"elementor-column elementor-col-100 elementor-top-column elementor-element elementor-element-007bf3d\" data-id=\"007bf3d\" data-element_type=\"column\" data-settings=\"{&quot;architecturer_ext_is_mobile_menu&quot;:&quot;false&quot;,&quot;architecturer_ext_is_scrollme&quot;:&quot;false&quot;,&quot;architecturer_ext_is_smoove&quot;:&quot;false&quot;,&quot;architecturer_ext_is_parallax_mouse&quot;:&quot;false&quot;,&quot;architecturer_ext_is_infinite&quot;:&quot;false&quot;,&quot;architecturer_ext_is_fadeout_animation&quot;:&quot;false&quot;}\">\n\t\t\t<div class=\"elementor-widget-wrap\">\n\t\t\t\t\t\t\t<\/div>\n\t\t<\/div>\n\t\t\t\t\t<\/div>\n\t\t<\/section>\n\t\t\t\t<section class=\"elementor-section elementor-top-section elementor-element elementor-element-a0a1019 elementor-section-stretched elementor-section-height-min-height elementor-section-items-bottom elementor-section-content-bottom elementor-section-boxed elementor-section-height-default\" data-id=\"a0a1019\" data-element_type=\"section\" data-settings=\"{&quot;stretch_section&quot;:&quot;section-stretched&quot;,&quot;background_background&quot;:&quot;classic&quot;,&quot;architecturer_ext_is_background_parallax&quot;:&quot;false&quot;,&quot;architecturer_ext_is_background_on_scroll&quot;:&quot;false&quot;}\">\n\t\t\t\t\t\t\t<div class=\"elementor-background-overlay\"><\/div>\n\t\t\t\t\t\t\t<div class=\"elementor-container elementor-column-gap-default\">\n\t\t\t\t\t<div class=\"elementor-column elementor-col-100 elementor-top-column elementor-element elementor-element-40b4548\" data-id=\"40b4548\" data-element_type=\"column\" data-settings=\"{&quot;architecturer_ext_is_mobile_menu&quot;:&quot;false&quot;,&quot;architecturer_ext_is_scrollme&quot;:&quot;false&quot;,&quot;architecturer_ext_is_smoove&quot;:&quot;false&quot;,&quot;architecturer_ext_is_parallax_mouse&quot;:&quot;false&quot;,&quot;architecturer_ext_is_infinite&quot;:&quot;false&quot;,&quot;architecturer_ext_is_fadeout_animation&quot;:&quot;false&quot;}\">\n\t\t\t<div class=\"elementor-widget-wrap\">\n\t\t\t\t\t\t\t<\/div>\n\t\t<\/div>\n\t\t\t\t\t<\/div>\n\t\t<\/section>\n\t\t\t\t<section class=\"elementor-section elementor-top-section elementor-element elementor-element-7f666b8 elementor-section-boxed elementor-section-height-default elementor-section-height-default\" data-id=\"7f666b8\" data-element_type=\"section\" data-settings=\"{&quot;architecturer_ext_is_background_parallax&quot;:&quot;false&quot;,&quot;architecturer_ext_is_background_on_scroll&quot;:&quot;false&quot;}\">\n\t\t\t\t\t\t<div class=\"elementor-container elementor-column-gap-default\">\n\t\t\t\t\t<div class=\"elementor-column elementor-col-100 elementor-top-column elementor-element elementor-element-6b032eb\" data-id=\"6b032eb\" data-element_type=\"column\" data-settings=\"{&quot;architecturer_ext_is_mobile_menu&quot;:&quot;false&quot;,&quot;architecturer_ext_is_scrollme&quot;:&quot;false&quot;,&quot;architecturer_ext_is_smoove&quot;:&quot;false&quot;,&quot;architecturer_ext_is_parallax_mouse&quot;:&quot;false&quot;,&quot;architecturer_ext_is_infinite&quot;:&quot;false&quot;,&quot;architecturer_ext_is_fadeout_animation&quot;:&quot;false&quot;}\">\n\t\t\t<div class=\"elementor-widget-wrap elementor-element-populated\">\n\t\t\t\t\t\t<div class=\"elementor-element elementor-element-5445b14 elementor-widget elementor-widget-heading\" data-id=\"5445b14\" data-element_type=\"widget\" data-settings=\"{&quot;architecturer_ext_is_mobile_menu&quot;:&quot;false&quot;,&quot;architecturer_ext_is_scrollme&quot;:&quot;false&quot;,&quot;architecturer_ext_is_smoove&quot;:&quot;false&quot;,&quot;architecturer_ext_is_parallax_mouse&quot;:&quot;false&quot;,&quot;architecturer_ext_is_infinite&quot;:&quot;false&quot;,&quot;architecturer_ext_is_fadeout_animation&quot;:&quot;false&quot;}\" data-widget_type=\"heading.default\">\n\t\t\t\t<div class=\"elementor-widget-container\">\n\t\t\t<h2 class=\"elementor-heading-title elementor-size-default\">Pol\u00edtica de privacitat<\/h2>\t\t<\/div>\n\t\t\t\t<\/div>\n\t\t\t\t\t<\/div>\n\t\t<\/div>\n\t\t\t\t\t<\/div>\n\t\t<\/section>\n\t\t\t\t<section class=\"elementor-section elementor-top-section elementor-element elementor-element-51a0b85 elementor-section-boxed elementor-section-height-default elementor-section-height-default\" data-id=\"51a0b85\" data-element_type=\"section\" data-settings=\"{&quot;architecturer_ext_is_background_parallax&quot;:&quot;false&quot;,&quot;architecturer_ext_is_background_on_scroll&quot;:&quot;false&quot;}\">\n\t\t\t\t\t\t<div class=\"elementor-container elementor-column-gap-default\">\n\t\t\t\t\t<div class=\"elementor-column elementor-col-100 elementor-top-column elementor-element elementor-element-0be583b\" data-id=\"0be583b\" data-element_type=\"column\" data-settings=\"{&quot;architecturer_ext_is_mobile_menu&quot;:&quot;false&quot;,&quot;architecturer_ext_is_scrollme&quot;:&quot;false&quot;,&quot;architecturer_ext_is_smoove&quot;:&quot;false&quot;,&quot;architecturer_ext_is_parallax_mouse&quot;:&quot;false&quot;,&quot;architecturer_ext_is_infinite&quot;:&quot;false&quot;,&quot;architecturer_ext_is_fadeout_animation&quot;:&quot;false&quot;}\">\n\t\t\t<div class=\"elementor-widget-wrap elementor-element-populated\">\n\t\t\t\t\t\t<div class=\"elementor-element elementor-element-7c24868 elementor-widget elementor-widget-text-editor\" data-id=\"7c24868\" data-element_type=\"widget\" data-settings=\"{&quot;architecturer_ext_is_mobile_menu&quot;:&quot;false&quot;,&quot;architecturer_ext_is_scrollme&quot;:&quot;false&quot;,&quot;architecturer_ext_is_smoove&quot;:&quot;false&quot;,&quot;architecturer_ext_is_parallax_mouse&quot;:&quot;false&quot;,&quot;architecturer_ext_is_infinite&quot;:&quot;false&quot;,&quot;architecturer_ext_is_fadeout_animation&quot;:&quot;false&quot;}\" data-widget_type=\"text-editor.default\">\n\t\t\t\t<div class=\"elementor-widget-container\">\n\t\t\t\t\t\t\t<p>1. INFORMACI\u00d3 PER L\u2019USUARI<br \/>Qui \u00e9s responsable del tractament de les teves dades personals?<br \/>LA COLOSAL 2018, S.L. \u00e9s el RESPONSABLE del tractament de les dades personals de l&#8217;USUARI i l\u2019informa que aquestes dades seran tractades d&#8217;acord amb el que estableix el Reglament (UE) 2016\/679, de 27 d&#8217;abril (GDPR), i amb la Llei Org\u00e0nica 3\/2018, de 5 de desembre (LOPDGDD).<\/p><p>Per a qu\u00e8 processem les teves dades personals?<br \/>Per mantenir una relaci\u00f3 comercial amb l&#8217;usuari. Les operacions previstes per dur a terme el tractament s\u00f3n les seg\u00fcents:<\/p><p>Enviament de comunicacions publicit\u00e0ries comercials per correu electr\u00f2nic, fax, SMS, MMS, xarxes socials o qualsevol altre mitj\u00e0 electr\u00f2nic o f\u00edsic, present o futur, que permeti comunicacions comercials. Aquestes comunicacions seran realitzades pel RESPONSABLE i estaran relacionades amb els seus productes i serveis, o amb els seus col\u00b7laboradors o prove\u00efdors, amb els quals hagi arribat a un acord promocional. En aquest cas, tercers mai tindran acc\u00e9s a les dades personals.<br \/>Realitzar investigacions de mercat i an\u00e0lisis estad\u00edstiques.<br \/>Processar comandes, sol\u00b7licituds, respondre consultes o qualsevol tipus de sol\u00b7licitud realitzada per l&#8217;USUARI a trav\u00e9s de qualsevol dels formularis de contacte que es posen a disposici\u00f3 al lloc web del RESPONSABLE.<br \/>Enviar el butllet\u00ed informatiu en l\u00ednia, sobre not\u00edcies, ofertes i promocions en la nostra activitat.<\/p><p>Per quin motiu podem tractar les teves dades personals?<br \/>El tractament est\u00e0 legitimat per l&#8217;article 6 del GDPR de la seg\u00fcent manera:<\/p><p>Amb el consentiment de l&#8217;USUARI: remissi\u00f3 de comunicacions comercials i el butllet\u00ed informatiu.<br \/>Per l&#8217;inter\u00e8s leg\u00edtim del RESPONSABLE: realitzar estudis de mercat, an\u00e0lisis estad\u00edstiques, etc., i processar comandes, sol\u00b7licituds, etc., a sol\u00b7licitud de l&#8217;USUARI.<\/p><p>Durant quant de temps conservarem les teves dades personals?<br \/>Es conservaran durant el temps necessari per complir amb el prop\u00f2sit del tractament o quan hi hagi requisits legals que dictin la seva cust\u00f2dia. Quan ja no sigui necessari, s&#8217;eliminaran amb mesures de seguretat adequades per garantir l&#8217;anonimitzaci\u00f3 de les dades o la destrucci\u00f3 total de les mateixes.<\/p><p>A qui proporcionem les teves dades personals?<\/p><p>No est\u00e0 prevista la comunicaci\u00f3 de dades personals a tercers, excepte si \u00e9s necess\u00e0ria per al desenvolupament i l&#8217;execuci\u00f3 dels fins del tractament, als nostres prove\u00efdors de serveis relacionats amb les comunicacions, amb els quals el RESPONSABLE ha signat els contractes de confidencialitat i de responsable del tractament requerits per la normativa de privacitat vigent.<\/p><p>Quins s\u00f3n els teus drets?<\/p><p>Els drets que assisteixen a l&#8217;USUARI s\u00f3n:<\/p><p>Dret a retirar el consentiment en qualsevol moment.<br \/>Dret d&#8217;acc\u00e9s, rectificaci\u00f3, portabilitat i supressi\u00f3 de les teves dades, aix\u00ed com de limitaci\u00f3 o oposici\u00f3 al seu tractament.<br \/>Dret a presentar una reclamaci\u00f3 davant l&#8217;autoritat de control (www.aepd.es) si consideres que el tractament no compleix amb la normativa vigent.<br \/>Informaci\u00f3 de contacte per exercir els teus drets:<\/p><p>LA COLOSAL 2018, S.L., Carrer Muntaner, 239, Planta At. &#8211; 08021 Barcelona. Email: infolacolosal@gmail.com<\/p><p>2. CAR\u00c0CTER OBLIGATORI O OPCIONAL DE LA INFORMACI\u00d3 PROPORCIONADA PER L&#8217;USUARI<\/p><p>Els USUARIS, en marcar les caselles corresponents i ingressar dades als camps marcats amb un asterisc (*) al formulari de contacte o presentats en formularis de desc\u00e0rrega, accepten expressament, lliure i inequ\u00edvocament que les seves dades s\u00f3n necess\u00e0ries per atendre la seva sol\u00b7licitud per part del prove\u00efdor, essent volunt\u00e0ria la inclusi\u00f3 de dades en els camps restants. L&#8217;USUARI garanteix que les dades personals proporcionades al RESPONSABLE s\u00f3n veraces i es compromet a comunicar qualsevol modificaci\u00f3 de les mateixes.<\/p><p>El RESPONSABLE informa que totes les dades sol\u00b7licitades a trav\u00e9s del lloc web s\u00f3n obligat\u00f2ries, ja que s\u00f3n necess\u00e0ries per a la prestaci\u00f3 d&#8217;un servei \u00f2ptim a l&#8217;USUARI. En cas de no proporcionar totes les dades, no es garanteix que la informaci\u00f3 i els serveis proporcionats s&#8217;ajustin completament a les seves necessitats.<\/p><p>3. MESURES DE SEGURETAT<\/p><p>Que d&#8217;acord amb el que disposa la normativa vigent en protecci\u00f3 de dades de car\u00e0cter personal, el RESPONSABLE est\u00e0 complint amb totes les disposicions del Reglament General de Protecci\u00f3 de Dades (GDPR) i la Llei Org\u00e0nica de Protecci\u00f3 de Dades i Garantia de Drets Digitals (LOPDGDD) per al tractament de les dades personals de la seva responsabilitat, i manifestament amb els principis descrits a l&#8217;article 5 del GDPR, pels quals s\u00f3n tractades de manera l\u00edcita, lleial i transparent en relaci\u00f3 amb l&#8217;interessat i adequades, pertinents i limitades al necessari en relaci\u00f3 amb els fins per als quals s\u00f3n tractades.<\/p><p>El RESPONSABLE garanteix que ha implementat pol\u00edtiques t\u00e8cniques i organitzatives adequades per aplicar les mesures de seguretat establertes pel GDPR i la LOPDGDD amb la finalitat de protegir els drets i llibertats dels USUARIS i ha comunicat la informaci\u00f3 adequada perqu\u00e8 puguin exercir-los.<\/p><p>Per obtenir m\u00e9s informaci\u00f3 sobre les garanties de privadesa, pots dirigir-te al RESPONSABLE a trav\u00e9s de LA COLOSAL 2018, S.L., Carrer Muntaner, 239, Planta At. &#8211; 08021 Barcelona. Email: infolacolosal@gmail.com<\/p>\t\t\t\t\t\t<\/div>\n\t\t\t\t<\/div>\n\t\t\t\t\t<\/div>\n\t\t<\/div>\n\t\t\t\t\t<\/div>\n\t\t<\/section>\n\t\t\t\t<\/div>\n\t\t","protected":false},"excerpt":{"rendered":"<p>Pol\u00edtica de privacitat 1. INFORMACI\u00d3 PER L\u2019USUARIQui \u00e9s responsable del tractament de les teves dades personals?LA COLOSAL 2018, S.L. \u00e9s el RESPONSABLE del tractament de les dades personals de l&#8217;USUARI i l\u2019informa que aquestes dades seran tractades d&#8217;acord amb el [&hellip;]<\/p>\n","protected":false},"author":5,"featured_media":0,"parent":0,"menu_order":0,"comment_status":"closed","ping_status":"closed","template":"","meta":{"footnotes":""},"yoast_head":"<!-- This site is optimized with the Yoast SEO plugin v22.4 - https:\/\/yoast.com\/wordpress\/plugins\/seo\/ -->\n<title>Pol\u00edtica de privacidad - La Colosal<\/title>\n<meta name=\"robots\" content=\"index, follow, max-snippet:-1, max-image-preview:large, max-video-preview:-1\" \/>\n<link rel=\"canonical\" href=\"https:\/\/lacolosal.es\/ca\/politica-de-privacidad\/\" \/>\n<meta property=\"og:locale\" content=\"ca_ES\" \/>\n<meta property=\"og:type\" content=\"article\" \/>\n<meta property=\"og:title\" content=\"Pol\u00edtica de privacidad - La Colosal\" \/>\n<meta property=\"og:description\" content=\"Pol\u00edtica de privacitat 1. INFORMACI\u00d3 PER L\u2019USUARIQui \u00e9s responsable del tractament de les teves dades personals?LA COLOSAL 2018, S.L. \u00e9s el RESPONSABLE del tractament de les dades personals de l&#8217;USUARI i l\u2019informa que aquestes dades seran tractades d&#8217;acord amb el [&hellip;]\" \/>\n<meta property=\"og:url\" content=\"https:\/\/lacolosal.es\/ca\/politica-de-privacidad\/\" \/>\n<meta property=\"og:site_name\" content=\"La Colosal\" \/>\n<meta property=\"article:publisher\" content=\"https:\/\/www.facebook.com\/lacolosalrestaurante\/\" \/>\n<meta property=\"article:modified_time\" content=\"2024-03-28T09:18:07+00:00\" \/>\n<meta name=\"twitter:card\" content=\"summary_large_image\" \/>\n<meta name=\"twitter:label1\" content=\"Temps estimat de lectura\" \/>\n\t<meta name=\"twitter:data1\" content=\"5 minuts\" \/>\n<script type=\"application\/ld+json\" class=\"yoast-schema-graph\">{\"@context\":\"https:\/\/schema.org\",\"@graph\":[{\"@type\":\"WebPage\",\"@id\":\"https:\/\/lacolosal.es\/ca\/politica-de-privacidad\/\",\"url\":\"https:\/\/lacolosal.es\/ca\/politica-de-privacidad\/\",\"name\":\"Pol\u00edtica de privacidad - La Colosal\",\"isPartOf\":{\"@id\":\"https:\/\/lacolosal.es\/ca\/#website\"},\"datePublished\":\"2024-03-28T08:27:07+00:00\",\"dateModified\":\"2024-03-28T09:18:07+00:00\",\"breadcrumb\":{\"@id\":\"https:\/\/lacolosal.es\/ca\/politica-de-privacidad\/#breadcrumb\"},\"inLanguage\":\"ca\",\"potentialAction\":[{\"@type\":\"ReadAction\",\"target\":[\"https:\/\/lacolosal.es\/ca\/politica-de-privacidad\/\"]}]},{\"@type\":\"BreadcrumbList\",\"@id\":\"https:\/\/lacolosal.es\/ca\/politica-de-privacidad\/#breadcrumb\",\"itemListElement\":[{\"@type\":\"ListItem\",\"position\":1,\"name\":\"Inicio\",\"item\":\"https:\/\/lacolosal.es\/ca\/\"},{\"@type\":\"ListItem\",\"position\":2,\"name\":\"Pol\u00edtica de privacidad\"}]},{\"@type\":\"WebSite\",\"@id\":\"https:\/\/lacolosal.es\/ca\/#website\",\"url\":\"https:\/\/lacolosal.es\/ca\/\",\"name\":\"La Colosal\",\"description\":\"La Colosal\",\"publisher\":{\"@id\":\"https:\/\/lacolosal.es\/ca\/#organization\"},\"potentialAction\":[{\"@type\":\"SearchAction\",\"target\":{\"@type\":\"EntryPoint\",\"urlTemplate\":\"https:\/\/lacolosal.es\/ca\/?s={search_term_string}\"},\"query-input\":\"required name=search_term_string\"}],\"inLanguage\":\"ca\"},{\"@type\":\"Organization\",\"@id\":\"https:\/\/lacolosal.es\/ca\/#organization\",\"name\":\"La Colosal\",\"url\":\"https:\/\/lacolosal.es\/ca\/\",\"logo\":{\"@type\":\"ImageObject\",\"inLanguage\":\"ca\",\"@id\":\"https:\/\/lacolosal.es\/ca\/#\/schema\/logo\/image\/\",\"url\":\"https:\/\/lacolosal.es\/wp-content\/uploads\/2023\/04\/logo-colosal-blanco.png\",\"contentUrl\":\"https:\/\/lacolosal.es\/wp-content\/uploads\/2023\/04\/logo-colosal-blanco.png\",\"width\":721,\"height\":132,\"caption\":\"La Colosal\"},\"image\":{\"@id\":\"https:\/\/lacolosal.es\/ca\/#\/schema\/logo\/image\/\"},\"sameAs\":[\"https:\/\/www.facebook.com\/lacolosalrestaurante\/\",\"https:\/\/www.instagram.com\/lacolosalrestaurante\/\"]}]}<\/script>\n<!-- \/ Yoast SEO plugin. -->","yoast_head_json":{"title":"Pol\u00edtica de privacidad - La Colosal","robots":{"index":"index","follow":"follow","max-snippet":"max-snippet:-1","max-image-preview":"max-image-preview:large","max-video-preview":"max-video-preview:-1"},"canonical":"https:\/\/lacolosal.es\/ca\/politica-de-privacidad\/","og_locale":"ca_ES","og_type":"article","og_title":"Pol\u00edtica de privacidad - La Colosal","og_description":"Pol\u00edtica de privacitat 1. INFORMACI\u00d3 PER L\u2019USUARIQui \u00e9s responsable del tractament de les teves dades personals?LA COLOSAL 2018, S.L. \u00e9s el RESPONSABLE del tractament de les dades personals de l&#8217;USUARI i l\u2019informa que aquestes dades seran tractades d&#8217;acord amb el [&hellip;]","og_url":"https:\/\/lacolosal.es\/ca\/politica-de-privacidad\/","og_site_name":"La Colosal","article_publisher":"https:\/\/www.facebook.com\/lacolosalrestaurante\/","article_modified_time":"2024-03-28T09:18:07+00:00","twitter_card":"summary_large_image","twitter_misc":{"Temps estimat de lectura":"5 minuts"},"schema":{"@context":"https:\/\/schema.org","@graph":[{"@type":"WebPage","@id":"https:\/\/lacolosal.es\/ca\/politica-de-privacidad\/","url":"https:\/\/lacolosal.es\/ca\/politica-de-privacidad\/","name":"Pol\u00edtica de privacidad - La Colosal","isPartOf":{"@id":"https:\/\/lacolosal.es\/ca\/#website"},"datePublished":"2024-03-28T08:27:07+00:00","dateModified":"2024-03-28T09:18:07+00:00","breadcrumb":{"@id":"https:\/\/lacolosal.es\/ca\/politica-de-privacidad\/#breadcrumb"},"inLanguage":"ca","potentialAction":[{"@type":"ReadAction","target":["https:\/\/lacolosal.es\/ca\/politica-de-privacidad\/"]}]},{"@type":"BreadcrumbList","@id":"https:\/\/lacolosal.es\/ca\/politica-de-privacidad\/#breadcrumb","itemListElement":[{"@type":"ListItem","position":1,"name":"Inicio","item":"https:\/\/lacolosal.es\/ca\/"},{"@type":"ListItem","position":2,"name":"Pol\u00edtica de privacidad"}]},{"@type":"WebSite","@id":"https:\/\/lacolosal.es\/ca\/#website","url":"https:\/\/lacolosal.es\/ca\/","name":"La Colosal","description":"La Colosal","publisher":{"@id":"https:\/\/lacolosal.es\/ca\/#organization"},"potentialAction":[{"@type":"SearchAction","target":{"@type":"EntryPoint","urlTemplate":"https:\/\/lacolosal.es\/ca\/?s={search_term_string}"},"query-input":"required name=search_term_string"}],"inLanguage":"ca"},{"@type":"Organization","@id":"https:\/\/lacolosal.es\/ca\/#organization","name":"La Colosal","url":"https:\/\/lacolosal.es\/ca\/","logo":{"@type":"ImageObject","inLanguage":"ca","@id":"https:\/\/lacolosal.es\/ca\/#\/schema\/logo\/image\/","url":"https:\/\/lacolosal.es\/wp-content\/uploads\/2023\/04\/logo-colosal-blanco.png","contentUrl":"https:\/\/lacolosal.es\/wp-content\/uploads\/2023\/04\/logo-colosal-blanco.png","width":721,"height":132,"caption":"La Colosal"},"image":{"@id":"https:\/\/lacolosal.es\/ca\/#\/schema\/logo\/image\/"},"sameAs":["https:\/\/www.facebook.com\/lacolosalrestaurante\/","https:\/\/www.instagram.com\/lacolosalrestaurante\/"]}]}},"_links":{"self":[{"href":"https:\/\/lacolosal.es\/ca\/wp-json\/wp\/v2\/pages\/12743"}],"collection":[{"href":"https:\/\/lacolosal.es\/ca\/wp-json\/wp\/v2\/pages"}],"about":[{"href":"https:\/\/lacolosal.es\/ca\/wp-json\/wp\/v2\/types\/page"}],"author":[{"embeddable":true,"href":"https:\/\/lacolosal.es\/ca\/wp-json\/wp\/v2\/users\/5"}],"replies":[{"embeddable":true,"href":"https:\/\/lacolosal.es\/ca\/wp-json\/wp\/v2\/comments?post=12743"}],"version-history":[{"count":13,"href":"https:\/\/lacolosal.es\/ca\/wp-json\/wp\/v2\/pages\/12743\/revisions"}],"predecessor-version":[{"id":12861,"href":"https:\/\/lacolosal.es\/ca\/wp-json\/wp\/v2\/pages\/12743\/revisions\/12861"}],"wp:attachment":[{"href":"https:\/\/lacolosal.es\/ca\/wp-json\/wp\/v2\/media?parent=12743"}],"curies":[{"name":"wp","href":"https:\/\/api.w.org\/{rel}","templated":true}]}}